{"id":1706,"date":"2012-10-02T20:53:05","date_gmt":"2012-10-02T18:53:05","guid":{"rendered":"http:\/\/f5nhj.fr\/?page_id=1706"},"modified":"2025-03-03T12:33:15","modified_gmt":"2025-03-03T11:33:15","slug":"1706-2","status":"publish","type":"page","link":"https:\/\/www.f5nhj.fr\/?page_id=1706","title":{"rendered":"Verticale I1UJX"},"content":{"rendered":"<p><em>Lors de la r\u00e9union des Radioamateurs Ligures \u00e0 <strong>Imp\u00e9ria<\/strong>, nous avons parl\u00e9 avec\u00a0<strong>Tony<\/strong>\u00a0IK1QBT d&rsquo;une antenne faite par un om italien de la r\u00e9gion de Turin. (<strong>Giovanni<\/strong>, I1UJX ).<\/em><br \/>\n<img loading=\"lazy\" decoding=\"async\" class=\"size-medium wp-image-1711 aligncenter\" title=\"\" src=\"http:\/\/f5nhj.fr\/wp-content\/uploads\/2012\/10\/i1ujx-1-300x203.jpg\" alt=\"\" width=\"300\" height=\"203\" srcset=\"https:\/\/www.f5nhj.fr\/wp-content\/uploads\/2012\/10\/i1ujx-1-300x203.jpg 300w, https:\/\/www.f5nhj.fr\/wp-content\/uploads\/2012\/10\/i1ujx-1.jpg 564w\" sizes=\"auto, (max-width: 300px) 100vw, 300px\" \/><\/p>\n<p><em>C &lsquo;e<\/em><em>st u<\/em><em>ne antenne qui couvre de 10 \u00e0 40 m\u00e8tres, ayant une bonne r\u00e9putation et dont le prix est raisonnable.<br \/>\nIl me pr\u00e9sentait rapidement l&rsquo;antenne et \u00e0 l&rsquo;aide d&rsquo;un om voisin de Giovanni je la commandais pour mon prochain voyage en Nouvelle Cal\u00e9donie. Apr\u00e8s quelques \u00e9changes de mail l&rsquo;antenne tant attendue arrivait pour les Dxp\u00e9ditions futures lors de la convention.<\/em><\/p>\n<p><em>\u00a0<img loading=\"lazy\" decoding=\"async\" class=\" size-medium wp-image-248 aligncenter\" src=\"http:\/\/f5nhj.fr\/wp-content\/uploads\/2011\/07\/FKF5NHCMG-300x91.jpg\" alt=\"FKF5NHCMG\" width=\"300\" height=\"91\" srcset=\"https:\/\/www.f5nhj.fr\/wp-content\/uploads\/2011\/07\/FKF5NHCMG-300x91.jpg 300w, https:\/\/www.f5nhj.fr\/wp-content\/uploads\/2011\/07\/FKF5NHCMG.jpg 768w\" sizes=\"auto, (max-width: 300px) 100vw, 300px\" \/><\/em><\/p>\n<p><em>Tr\u00e8s l\u00e9g\u00e8re, elle ressemble \u00ab\u00a0fort\u00a0\u00bb \u00e0 une ECO 7+, mais bon&#8230; Les accords se font rapidement et les 3,5 kg d&rsquo;aluminium supportent\u00a0all\u00e8grement\u00a0les 100 120 watts.<\/em><br \/>\n<em>En ao\u00fbt 2008 J&rsquo;ai fait quelques qsos en <strong>FK\/<\/strong> mais suite aux coups de vent violents, les rideaux d&rsquo;eau sur les sommets de Blanchot et\u00a0 aux voisins trop curieux j&rsquo;ai pr\u00e9f\u00e9r\u00e9 utiliser un dip\u00f4le plus discret dans les palmiers en face du qra\u00a0 lors de ce court s\u00e9jour. Les plaisirs de\u2019la location.\u00a0<\/em><br \/>\n<em>Cette ann\u00e9e elle m&rsquo;a permis de faire quelques qso Warc depuis Noum\u00e9a. Dommage que le site et les d\u00e9m\u00e9nagements presque quotidiens n&rsquo;aient pas \u00e9t\u00e9 favorables pour l&rsquo;installation durable d&rsquo;une verticale.\u00a0<\/em><br \/>\n<em>Je l&rsquo;utilise de temps en temps lors des maintenances des hexbeams et autres.. Elle est parfaite en barefoot et pour une utilisation en \/P \u00ab\u00a0lourd\u00a0\u00bb.<br \/>\n<\/em><\/p>\n<p><em>Giovanni est parti en 2008 pour le paradis des DXeurs.<br \/>\n<\/em><em><strong>Ciao, grazie ancora a lui.<\/strong><\/em><\/p>\n","protected":false},"excerpt":{"rendered":"<p>Lors de la r\u00e9union des Radioamateurs Ligures \u00e0 Imp\u00e9ria, nous avons parl\u00e9 avec\u00a0Tony\u00a0IK1QBT d&rsquo;une antenne faite par un om italien de la r\u00e9gion de Turin. (Giovanni, I1UJX ). C &lsquo;est une antenne qui couvre de 10 \u00e0 40 m\u00e8tres, ayant &hellip; <a href=\"https:\/\/www.f5nhj.fr\/?page_id=1706\">Continuer la lecture <span class=\"meta-nav\">&rarr;<\/span><\/a><\/p>\n","protected":false},"author":1,"featured_media":0,"parent":2850,"menu_order":0,"comment_status":"closed","ping_status":"open","template":"","meta":{"footnotes":""},"class_list":["post-1706","page","type-page","status-publish","hentry"],"_links":{"self":[{"href":"https:\/\/www.f5nhj.fr\/index.php?rest_route=\/wp\/v2\/pages\/1706","targetHints":{"allow":["GET"]}}],"collection":[{"href":"https:\/\/www.f5nhj.fr\/index.php?rest_route=\/wp\/v2\/pages"}],"about":[{"href":"https:\/\/www.f5nhj.fr\/index.php?rest_route=\/wp\/v2\/types\/page"}],"author":[{"embeddable":true,"href":"https:\/\/www.f5nhj.fr\/index.php?rest_route=\/wp\/v2\/users\/1"}],"replies":[{"embeddable":true,"href":"https:\/\/www.f5nhj.fr\/index.php?rest_route=%2Fwp%2Fv2%2Fcomments&post=1706"}],"version-history":[{"count":15,"href":"https:\/\/www.f5nhj.fr\/index.php?rest_route=\/wp\/v2\/pages\/1706\/revisions"}],"predecessor-version":[{"id":4574,"href":"https:\/\/www.f5nhj.fr\/index.php?rest_route=\/wp\/v2\/pages\/1706\/revisions\/4574"}],"up":[{"embeddable":true,"href":"https:\/\/www.f5nhj.fr\/index.php?rest_route=\/wp\/v2\/pages\/2850"}],"wp:attachment":[{"href":"https:\/\/www.f5nhj.fr\/index.php?rest_route=%2Fwp%2Fv2%2Fmedia&parent=1706"}],"curies":[{"name":"wp","href":"https:\/\/api.w.org\/{rel}","templated":true}]}}